{"id":6265,"date":"2023-04-27T09:53:39","date_gmt":"2023-04-27T06:53:39","guid":{"rendered":"https:\/\/beta.cla.com.tr\/?page_id=6265"},"modified":"2023-12-05T11:00:29","modified_gmt":"2023-12-05T08:00:29","slug":"enerji-hukuku-egitim-programi","status":"publish","type":"page","link":"https:\/\/cla.com.tr\/index.php\/enerji-hukuku-egitim-programi\/","title":{"rendered":"Enerji Hukuku E\u011fitim Program\u0131"},"content":{"rendered":"<p>[vc_row][vc_column][vc_custom_heading text=&#8221;Enerji Hukuku E\u011fitim Program\u0131&#8221; google_fonts=&#8221;font_family:Alike%3Aregular|font_style:400%20regular%3A400%3Anormal&#8221; css_animation=&#8221;fadeInLeft&#8221;][\/vc_column][\/vc_row][vc_row][vc_column width=&#8221;4\/6&#8243;][vc_single_image image=&#8221;6611&#8243; img_size=&#8221;large&#8221; el_class=&#8221;weew&#8221;][\/vc_column][vc_column width=&#8221;2\/6&#8243; el_class=&#8221;qq&#8221;][vc_column_text css=&#8221;.vc_custom_1682604218163{margin-top: 15px !important;}&#8221;]<\/p>\n<h5><strong><span class=\"date-title\">E\u011fitim Tarihi : <\/span><\/strong><span class=\"date-text\">27 Nisan 2023<\/span><br \/>\n<i class=\"las la-clock\"><\/i>13:00 &#8211; 16:00<\/h5>\n<p>[\/vc_column_text][vc_btn title=&#8221;KAYIT FORMU&#8221; style=&#8221;3d&#8221; color=&#8221;black&#8221; size=&#8221;lg&#8221; align=&#8221;center&#8221; i_icon_fontawesome=&#8221;fa fa-pen&#8221; button_block=&#8221;true&#8221; add_icon=&#8221;true&#8221; css=&#8221;.vc_custom_1682602760741{margin-top: 10px !important;}&#8221;][vc_separator color=&#8221;blue&#8221; style=&#8221;shadow&#8221; el_width=&#8221;80&#8243; css_animation=&#8221;fadeInLeft&#8221;][vc_column_text]<\/p>\n<h5 style=\"text-align: left;\"><strong><b>\u260e <\/b>\u00a0<a href=\"tel:0(312) 465 01 79\" target=\"_blank\" rel=\"noopener\">0(312) 465 01 79<\/a><\/strong><\/h5>\n<h5 style=\"text-align: left;\"><strong><img loading=\"lazy\" decoding=\"async\" class=\"\" src=\"https:\/\/cdnjs.cloudflare.com\/ajax\/libs\/twemoji\/14.0.0\/72x72\/1f4e9.png\" width=\"15\" height=\"15\" \/>\u00a0 E-posta : mail.com<\/strong><\/h5>\n<p>[\/vc_column_text][\/vc_column][\/vc_row][vc_row][vc_column][vc_tta_tabs][vc_tta_section title=&#8221;A\u00e7\u0131klama&#8221; tab_id=&#8221;1682599955335-66071abb-8681&#8243;][vc_column_text]<\/p>\n<p style=\"text-align: justify;font-family:Exo;\">Bilindi\u011fi \u00fczere enerji, teknolojinin hayat\u0131m\u0131za daha \u00e7ok dahil olmas\u0131yla \u00f6nemini g\u00fcn ge\u00e7tik\u00e7e art\u0131ran bir konu oldu\u011fu gibi \u00fclkelerin de en stratejik konular\u0131ndan birisidir.<br \/>\nBu geli\u015fimle beraber enerji arz ve talebi her g\u00fcn artmakta ve bu alanda mevzuatsal \u00e7al\u0131\u015fmalar h\u0131z kazanmaktad\u0131r. Dolay\u0131s\u0131yla enerji hukuku g\u00fcn ge\u00e7tik\u00e7e \u00f6nem kazanmaktad\u0131r.<br \/>\nEnerji Hukuku E\u011fitim Program\u0131, \u00a0lisans e\u011fitimini hukuk alan\u0131nda tamamlam\u0131\u015f hukuk\u00e7ular veya enerji \u015firketlerinde \u00e7al\u0131\u015fan\/\u00e7al\u0131\u015fmak isteyen ki\u015filer i\u00e7in tasarlanm\u0131\u015f bir programd\u0131r.<br \/>\nEnerji hukukunu genel olarak tan\u0131mlay\u0131p, enerji piyasas\u0131n\u0131n i\u015fleyi\u015fini anlayabilmek i\u00e7in ve bu alanda bir alt yap\u0131ya sahip olmak isteyen herkes i\u00e7in uygun bir e\u011fitimdir.<br \/>\n<span style=\"color: red;\">CLA ACADEMY<\/span>, alan\u0131nda uzman e\u011fitmenler ile sizi hedefledi\u011finiz alanda daha ileriye g\u00f6t\u00fcrecektir.<\/p>\n<p>[\/vc_column_text][\/vc_tta_section][vc_tta_section title=&#8221;E\u011fitim i\u00e7eri\u011fi&#8221; tab_id=&#8221;1682599955335-6b941f23-3450&#8243;][vc_column_text]<strong>ENERJ\u0130 HUKUKU E\u011e\u0130T\u0130M PROGRAMI<\/strong><br \/>\nEnerji Hukukuna Giri\u015f<br \/>\nGenel olarak Enerji Hukuku<br \/>\nEnerji Hukuku ve Reg\u00fclasyon<br \/>\nEnerjinin S\u0131n\u0131fland\u0131r\u0131lmas\u0131<br \/>\nEnerji Hukuku Akt\u00f6rleri, D\u00fczenleyici Kurumlar ve EPDK<br \/>\nUlusal ve Uluslararas\u0131 Enerji \u00dcretim ve Talepleri<\/p>\n<p><strong>Elektrik Piyasas\u0131<\/strong><br \/>\nElektrik Piyasas\u0131 Teknik Kavramlar<br \/>\nElektrik Piyasas\u0131 Faaliyetleri<br \/>\nFaaliyetlerin Hukuki \u00c7er\u00e7evesi<br \/>\nElektrik Piyasas\u0131 Lisanslama S\u00fcre\u00e7leri<br \/>\nLisanss\u0131z \u00dcretim<br \/>\nYenilenebilir Enerji Kanunu ve YEKDEM Mekanizmas\u0131<br \/>\nHibrit Enerji<\/p>\n<p><strong>T\u00fcrkiye S\u0131v\u0131la\u015ft\u0131r\u0131lm\u0131\u015f Petrol Gazlar\u0131 (LPG) Piyasas\u0131<\/strong><br \/>\nLPG Piyasas\u0131na Giri\u015f<br \/>\nLPG Piyasas\u0131 Faaliyetleri<br \/>\nFaaliyetlerin Hukuki \u00c7er\u00e7evesi<br \/>\nLPG Piyasas\u0131 Lisanslama S\u00fcre\u00e7leri<br \/>\nLPG Piyasas\u0131 Akt\u00f6rleri<br \/>\nLPG Piyasas\u0131 S\u00f6zle\u015fmeleri<\/p>\n<p><strong>Petrol Piyasas\u0131<\/strong><br \/>\nPetrol Piyasas\u0131na Giri\u015f<br \/>\nPetrol Piyasas\u0131 Faaliyetleri<br \/>\nFaaliyetlerin Hukuki \u00c7er\u00e7evesi<br \/>\nPetrol Piyasas\u0131 Lisanslama S\u00fcre\u00e7leri<br \/>\nPetrol Piyasas\u0131 Akt\u00f6rleri<br \/>\nPetrol Piyasas\u0131 S\u00f6zle\u015fmeleri<\/p>\n<p><strong>Do\u011falgaz Piyasas\u0131<\/strong><br \/>\nDo\u011falgaz Piyasas\u0131na Giri\u015f<br \/>\nDo\u011falgaz Piyasas\u0131 Faaliyetleri<br \/>\nFaaliyetlerin Hukuki \u00c7er\u00e7evesi<br \/>\nDo\u011falgaz Piyasas\u0131 Lisanslama S\u00fcre\u00e7leri<br \/>\nDo\u011falgaz Piyasas\u0131 Akt\u00f6rleri<br \/>\nDo\u011falgaz Piyasas\u0131 S\u00f6zle\u015fmeleri<\/p>\n<p><strong>Enerji Piyasalar\u0131nda Ulusal ve Uluslararas\u0131 Uyu\u015fmazl\u0131k \u00c7\u00f6z\u00fcm Mekanizmalar\u0131 ve Yarg\u0131 Kararlar\u0131<\/strong><br \/>\nUluslararas\u0131 Enerji Yat\u0131r\u0131mlar\u0131ndan Kaynaklanan Uyu\u015fmazl\u0131klar<br \/>\nUluslararas\u0131 S\u00f6zle\u015fmeler<br \/>\nUluslararas\u0131 tahkim mekanizmalar\u0131<br \/>\nUygulanacak Hukuk ve Hakem Kararlar\u0131n\u0131n Ba\u011flay\u0131c\u0131l\u0131\u011f\u0131<br \/>\nT\u00fcrk Yarg\u0131 Kararlar\u0131n\u0131n incelenmesi<\/p>\n<p><strong>Enerji Piyasalar\u0131 ve Rekabet Hukuku<\/strong><br \/>\nRekabet Kanunu\u2019ndaki Temel H\u00fck\u00fcmler<br \/>\nElektrik Piyasas\u0131n\u0131n Rekabet Hukuku A\u00e7\u0131s\u0131ndan \u0130ncelenmesi<br \/>\nPetrol Piyasas\u0131n\u0131n Rekabet Hukuku A\u00e7\u0131s\u0131ndan \u0130ncelenmesi<br \/>\nDo\u011fal Gaz Piyasas\u0131n\u0131n Rekabet Hukuku A\u00e7\u0131s\u0131ndan \u0130ncelenmesi<br \/>\nS\u0131v\u0131la\u015ft\u0131r\u0131lm\u0131\u015f Petrol Gazlar\u0131 (LPG) Piyasas\u0131n\u0131n Rekabet Hukuku A\u00e7\u0131s\u0131ndan \u0130ncelenmesi<br \/>\nRekabet Sorunlar\u0131 ve Al\u0131nan \u00d6nlemler<br \/>\nRekabet Kurumu ve EPDK Aras\u0131 Yetki Sorunu<\/p>\n<p><strong>\u00c7evre Hukuku ve Enerji Verimlili\u011fi Mevzuat\u0131<\/strong><br \/>\n\u00c7evre Hukuku T\u00fcrk Hukuku Mevzuat\u0131<br \/>\nUluslararas\u0131 anla\u015fmalar<br \/>\n\u00c7evre \u0130hlalinde idari yat\u0131r\u0131mlar<br \/>\nEnerji \u00dcretiminin \u00c7evreye etkileri<br \/>\n\u00c7evresel Etki De\u011ferlendirme (\u00c7ED) Belgesi s\u00fcreci<br \/>\nYe\u015fil Mutabakat<br \/>\nEnerji Verimli\u011fi Mevzuat\u0131<br \/>\nEnerji Performans S\u00f6zle\u015fmeleri<\/p>\n<p><strong>Elektrik Piyasas\u0131 S\u00f6zle\u015fmeleri<\/strong><br \/>\nElektrik Piyasas\u0131 S\u00f6zle\u015fmelerine Genel Bak\u0131\u015f<br \/>\nElektrik Piyasas\u0131 S\u00f6zle\u015fmelerinin Hukuki Niteli\u011fi<br \/>\nElektrik Piyasas\u0131 S\u00f6zle\u015fmelerinin S\u0131n\u0131fland\u0131r\u0131lmas\u0131<br \/>\nToptan Sat\u0131\u015f Seviyesindeki S\u00f6zle\u015fmeler<br \/>\nEFET S\u00f6zle\u015fmesi<br \/>\nElektrik Tedarik S\u00f6zle\u015fmeleri ve Unsurlar\u0131<br \/>\nPerakende Sat\u0131\u015f s\u00f6zle\u015fmesi<br \/>\nSerbest Tedarik S\u00f6zle\u015fmeleri<br \/>\nProje Finansman\u0131 ve Anahtar Teslim \u0130n\u015faat (EPC) S\u00f6zle\u015fmeleri<br \/>\nUyu\u015fmazl\u0131k \u00d6rnekleri<br \/>\n<span style=\"color: red;\"><br \/>\n<strong>*CLA Academy program i\u00e7erik ve saatlerinde de\u011fi\u015fiklik yapabilir.<\/strong><\/span><\/p>\n<p>&nbsp;[\/vc_column_text][\/vc_tta_section][vc_tta_section title=&#8221;E\u011e\u0130TMEN&#8221; tab_id=&#8221;1682599996999-d3602828-f6d8&#8243;][vc_row_inner][vc_column_inner width=&#8221;1\/4&#8243;][vc_single_image image=&#8221;5815&#8243; img_size=&#8221;large&#8221; alignment=&#8221;center&#8221;][\/vc_column_inner][vc_column_inner width=&#8221;3\/4&#8243;][vc_column_text]<\/p>\n<h3 style=\"text-align: justify;\">Av. \u00c7i\u011fdem D\u0130LEK<\/h3>\n<p style=\"text-align: justify;\">\u0130stanbul \u00dcniversitesi Hukuk Fak\u00fcltesi\u2019nden mezun olan \u00c7i\u011fdem Dilek, Y\u00fcksek Lisans\u0131n\u0131 Ba\u015fkent \u00dcniversitesi\u2019nde Ekonomi Hukuku alan\u0131nda tamamlam\u0131\u015ft\u0131r. Ayr\u0131ca London School of Economics\u2019te 1 y\u0131l Avrupa Birli\u011fi Hukuku e\u011fitimi ald\u0131.<br \/>\nAvukatl\u0131k mesle\u011fine ba\u015flad\u0131\u011f\u0131 andan itibaren \u00f6zel hukuk alan\u0131nda \u00e7al\u0131\u015fan \u00c7i\u011fdem Dilek, \u00f6zellikle enerji hukuku, ticaret hukuku, bor\u00e7lar hukuku, marka ve patent hukuku, in\u015faat hukuku, idare hukuku konular\u0131nda \u00e7al\u0131\u015fmalar\u0131n\u0131 s\u00fcrd\u00fcrmektedir. \u0130leri d\u00fczeyde \u0130ngilizce bilen \u00c7i\u011fdem Dilek, kamu kurumlar\u0131n\u0131n yan\u0131 s\u0131ra bir\u00e7ok yerli ve yabanc\u0131 \u015firketi temsil etmi\u015ftir.<br \/>\n\u00c7i\u011fdem Dilek, Ankara Barosu Enerji Hukuku Komisyonu\u2019nun kurucu ba\u015fkan\u0131d\u0131r. Halen Global Energy Association\u2019da \u0130cra Kurulu Ba\u015fkan\u0131 olarak g\u00f6rev yapmaktad\u0131r. Ayr\u0131ca son 13 y\u0131ld\u0131r T\u00fcrkiye\u2019nin en b\u00fcy\u00fck enerji kongresi olan EIF Uluslararas\u0131 Enerji Kongresi ve Fuar\u0131\u2019nda \u0130cra Kurulu Ba\u015fkan\u0131 olarak g\u00f6rev yapt\u0131. Bu kongre kapsam\u0131nda d\u00fczenlenen enerji hukuku oturumlar\u0131nda ders vermi\u015ftir. \u00c7i\u011fdem Dilek halen Ankara \u00c7ankaya\u2019daki ofisinde mesle\u011fini yapmaktad\u0131r.[\/vc_column_text][\/vc_column_inner][\/vc_row_inner][vc_row_inner][vc_column_inner width=&#8221;1\/4&#8243;][vc_single_image image=&#8221;5824&#8243; img_size=&#8221;large&#8221; alignment=&#8221;center&#8221;][\/vc_column_inner][vc_column_inner width=&#8221;3\/4&#8243;][vc_column_text]<\/p>\n<h3>Prof.Dr. Mustafa ERKAN<\/h3>\n<p>Ankara \u00dcniversitesi, Hukuk Fak\u00fcltesi mezunu olan Prof. Mustafa Erkan, 2003 y\u0131l\u0131nda University of Leicester\u2019da Uluslararas\u0131 Ticaret Hukukunda y\u00fcksek lisans\u0131n\u0131 tamamlam\u0131\u015f olup ard\u0131ndan 2009 y\u0131l\u0131nda University of Exeter\u2019de doktoras\u0131n\u0131 tamamlam\u0131\u015ft\u0131r.<br \/>\n\u0130leri derecede \u0130ngilizce bilen ve \u00e7ok say\u0131da yay\u0131n\u0131 olan \u00a0Mustafa Erkan 2020 y\u0131l\u0131nda Profes\u00f6r unvan\u0131n\u0131 alm\u0131\u015ft\u0131r.<br \/>\nProf. Mustafa Erkan halen Marmara \u00dcniversitesi Hukuk Fak\u00fcltesinde milletleraras\u0131 tahkim, milletleraras\u0131 ticaret hukuku ve\u00a0 enerji hukuku dersleri vermektedir.[\/vc_column_text][\/vc_column_inner][\/vc_row_inner][vc_row_inner][vc_column_inner width=&#8221;1\/4&#8243;][vc_single_image image=&#8221;5819&#8243; img_size=&#8221;large&#8221; alignment=&#8221;center&#8221;][\/vc_column_inner][vc_column_inner width=&#8221;3\/4&#8243;][vc_column_text]<\/p>\n<h3 style=\"text-align: justify;\">Av. Mehmet Suat KAYIK\u00c7I<\/h3>\n<p style=\"text-align: justify;\">Mehmet Suat Kay\u0131k\u00e7\u0131, 2001 y\u0131l\u0131nda Ankara \u00dcniversitesi Hukuk Fak\u00fcltesinden mezun olmu\u015ftur. Daha sonra 2011 y\u0131l\u0131nda Queen Mary, University of London\u2019da \u00c7evre ve Enerji Hukuku alan\u0131nda y\u00fcksek lisans yapm\u0131\u015ft\u0131r.<br \/>\nAvukatl\u0131k staj\u0131n\u0131 Ankara Barosunda tamamlad\u0131ktan sonra \u00c7evre Bakanl\u0131\u011f\u0131 Hukuk M\u00fc\u015favirli\u011finde uzman yard\u0131mc\u0131s\u0131 olarak \u00e7al\u0131\u015fma hayat\u0131na ba\u015flayan Kay\u0131k\u00e7\u0131, Eyl\u00fcl 2004\u2019te Enerji Piyasas\u0131 D\u00fczenleme Kurumu\u2019nda uzman yard\u0131mc\u0131s\u0131, Ocak 2008\u2019de de Enerji Uzman\u0131 olarak atanm\u0131\u015ft\u0131r. Enerji Piyasas\u0131 D\u00fczenleme Kurumu\u2019ndan 2014 y\u0131l\u0131nda ayr\u0131lan Kay\u0131k\u00e7\u0131 kariyerine serbest avukat olarak devam etmek \u00fczere LBF Partners Avukatl\u0131k ve Dan\u0131\u015fmanl\u0131k B\u00fcrosunun kurucu ortaklar\u0131 aras\u0131nda yer alm\u0131\u015ft\u0131r.<br \/>\nEnerji hukuku alan\u0131ndaki \u00f6nde gelen sertifika programlar\u0131 ba\u015fta olmak \u00fczere bir\u00e7ok platformda e\u011fitmen ve konu\u015fmac\u0131 olarak da sunumlar yapan Kay\u0131k\u00e7\u0131\u2019n\u0131n Petrol Piyasas\u0131 Hukuku isimli bir kitab\u0131, enerji alan\u0131ndaki \u00e7e\u015fitli dergilerde yay\u0131mlanm\u0131\u015f makaleleri ve de\u011ferlendirme yaz\u0131lar\u0131 bulunmaktad\u0131r.Kay\u0131k\u00e7\u0131, \u0130ngilizceyi ak\u0131c\u0131 olarak ve akademik d\u00fczeyde kullanmaktad\u0131r.[\/vc_column_text][\/vc_column_inner][\/vc_row_inner][vc_row_inner][vc_column_inner width=&#8221;1\/4&#8243;][vc_single_image image=&#8221;5840&#8243; img_size=&#8221;large&#8221; alignment=&#8221;center&#8221;][\/vc_column_inner][vc_column_inner width=&#8221;3\/4&#8243;][vc_column_text]<\/p>\n<h3 style=\"text-align: justify;\">Dr. \u00d6\u011fr. \u00dcyesi Damla SONGUR<\/h3>\n<p style=\"text-align: justify;\">Dr. \u00d6\u011fr. \u00dcyesi Damla Songur, Antalya Anadolu Lisesi\u2019nden mezun olduktan sonra lisans e\u011fitimini 2005-2009 y\u0131llar\u0131nda Ankara \u00dcniversitesi Hukuk Fak\u00fcltesi\u2019nde tamamlam\u0131\u015ft\u0131r. Ard\u0131ndan Ankara \u00dcniversitesi Hukuk Fak\u00fcltesi\u2019nin \u00d6zel Hukuk B\u00f6l\u00fcm\u00fc\u2019nde \u201cAnonim \u015eirketlerde Pay Sahibinin Temsili\u201d ba\u015fl\u0131kl\u0131 \u00e7al\u0131\u015fmas\u0131 ile 2012 y\u0131l\u0131nda y\u00fcksek lisans derecesini ve \u201cAnonim \u015eirketlerde \u00d6nemli Miktarda Malvarl\u0131\u011f\u0131 \u00dczerinde \u0130\u015flemler\u201d ba\u015fl\u0131kl\u0131 \u00e7al\u0131\u015fmas\u0131yla da 2019 y\u0131l\u0131nda \u201cHukuk Doktoru\u201d unvan\u0131n\u0131 alm\u0131\u015ft\u0131r. Bu s\u00fcre\u00e7te avukatl\u0131k staj\u0131n\u0131 tamamlam\u0131\u015f; AB Erasmus Personel E\u011fitim ve Staj Hareketlili\u011fi program\u0131 kapsam\u0131nda 2013 y\u0131l\u0131nda B\u00fcdel Hukuk B\u00fcrosu, Frankfurt am Main\/Almanya ve 2017 y\u0131l\u0131nda Center for German and International Law of Financial Services at the University of Mainz\/Almanya\u2019da \u00e7al\u0131\u015fm\u0131\u015ft\u0131r. Ayr\u0131ca yine 2017 y\u0131l\u0131nda Institute of Foreign and International Private and Business Law- Heidelberg University, Heidelberg\/Almanya ve Institute for Law and Finance- Goethe University, Frankfurt am Main\/Almanya\u2019da ara\u015ft\u0131rmac\u0131 olarak bulunmu\u015ftur. 2011 y\u0131l\u0131ndan beri At\u0131l\u0131m \u00dcniversitesi Hukuk Fak\u00fcltesi \u00d6zel Hukuk\/Ticaret Hukuku Anabilim Dal\u0131nda g\u00f6rev yapmakta ve 2018 y\u0131l\u0131ndan beri Kad\u0131n Sorunlar\u0131 Ara\u015ft\u0131rma ve Uygulama Merkezi m\u00fcd\u00fcr yard\u0131mc\u0131l\u0131\u011f\u0131 g\u00f6revini y\u00fcr\u00fctmektedir.<\/p>\n<p>[\/vc_column_text][\/vc_column_inner][\/vc_row_inner][vc_row_inner][vc_column_inner width=&#8221;1\/4&#8243;][vc_single_image image=&#8221;5843&#8243; img_size=&#8221;large&#8221; alignment=&#8221;center&#8221;][\/vc_column_inner][vc_column_inner width=&#8221;3\/4&#8243;][vc_column_text]<\/p>\n<h3 style=\"text-align: justify;\">Av. Simay Y\u00fcrekten<\/h3>\n<p style=\"text-align: justify;\">\u0130stanbul \u00dcniversitesi Hukuk Fak\u00fcltesinden y\u00fcksek onur derecesiyle mezun olan Simay Y\u00fcrekten, \u0130stanbul Barosuna kay\u0131tl\u0131 olarak LBF Partners Avukatl\u0131k ve Dan\u0131\u015fmanl\u0131k B\u00fcrosu b\u00fcnyesinde avukatl\u0131k mesle\u011fini icra etmektedir.<br \/>\nSimay, a\u011f\u0131rl\u0131kl\u0131 olarak enerji hukuku (elektrik, do\u011fal gaz, petrol ve LPG piyasalar\u0131), maden hukuku, ticaret hukuku, idare hukuku, bor\u00e7lar hukuku ve\u00a0dernekler hukuku konular\u0131nda \u00e7al\u0131\u015fmalar\u0131na devam etmektedir.<br \/>\nEnerji hukuku alan\u0131nda \u00e7e\u015fitli sosyal platformlarda yay\u0131mlanm\u0131\u015f makaleleri bulunan Simay, ileri d\u00fczeyde \u0130ngilizce bilmektedir.[\/vc_column_text][\/vc_column_inner][\/vc_row_inner][vc_row_inner][vc_column_inner width=&#8221;1\/4&#8243;][vc_single_image image=&#8221;5842&#8243; img_size=&#8221;large&#8221; alignment=&#8221;center&#8221;][\/vc_column_inner][vc_column_inner width=&#8221;3\/4&#8243;][vc_column_text]<\/p>\n<h3 style=\"text-align: justify;\">Do\u00e7. Dr. M. Ayhan TEK\u0130NSOY<\/h3>\n<p style=\"text-align: justify;\">M. Ayhan Tekinsoy, 1993 y\u0131l\u0131nda Ankara \u00dcniversitesi Hukuk Fak\u00fcltesi\u2019nden mezun oldu. 1994 y\u0131l\u0131nda Ankara \u00dcniversitesi\u2019nde ba\u015flad\u0131\u011f\u0131 Sosyal Bilimler Enstit\u00fcs\u00fc Kamu Hukuku Y\u00fcksek Lisans\u0131n\u0131 \u201cAnayasa mahkemesi kararlar\u0131 \u0131\u015f\u0131\u011f\u0131nda kanun h\u00fckm\u00fcnde kararnamenin hukuksal niteli\u011fi ve yetki yasalar\u0131\u201d ba\u015fl\u0131kl\u0131 teziyle 1996 y\u0131l\u0131nda tamamlam\u0131\u015ft\u0131r. Ayn\u0131 y\u0131l ayn\u0131 \u00fcniversitede ba\u015flad\u0131\u011f\u0131 doktoras\u0131n\u0131 \u201c\u0130dari s\u00f6zle\u015fme rejiminin temel \u00f6zellikleri\u201d ba\u015fl\u0131kl\u0131 teziyle 2002 y\u0131l\u0131nda tamamlayan Tekinsoy, Ankara \u00dcniversitesi Hukuk Fak\u00fcltesi \u0130dare Hukuku Anabilim Dal\u0131 \u00f6\u011fretim \u00fcyesidir.<\/p>\n<p>[\/vc_column_text][\/vc_column_inner][\/vc_row_inner][vc_row_inner][vc_column_inner width=&#8221;1\/4&#8243;][vc_single_image image=&#8221;5845&#8243; img_size=&#8221;large&#8221; alignment=&#8221;center&#8221;][\/vc_column_inner][vc_column_inner width=&#8221;3\/4&#8243;][vc_column_text]<\/p>\n<h3 style=\"text-align: justify;\">Dr. Mustafa Ayaz YAVUZ<\/h3>\n<p style=\"text-align: justify;\">2000 y\u0131l\u0131nda Galatasaray \u00dcniversitesi Hukuk Fak\u00fcltesinden mezun olmu\u015ftur. 2003 y\u0131l\u0131nda Ankara \u00dcniversitesi Devletler \u00d6zel Hukuku Y\u00fcksek Lisans Program\u0131n\u0131 tamamlam\u0131\u015f olup, y\u00fcksek lisans tezinin\u00a0<em>konusu \u201cMilletleraras\u0131 Tahkimde Hakemlerin Esasa Uygulanacak Hukuku Tespiti\u201d<\/em>\u00a0\u2018dir. 2011 y\u0131l\u0131nda Gazi \u00dcniversitesi \u00d6zel Hukuk (Medeni Hukuk) Anabilim dal\u0131nda doktoras\u0131n\u0131 tamamlam\u0131\u015ft\u0131r. Doktora tezi\u00a0<em>\u201cElektrik Tedarik S\u00f6zle\u015fmesi \u00d6zellikle -\u0130kili Anla\u015fma\u201d<\/em>\u00a0olup, kitap olarak yay\u0131mlanm\u0131\u015ft\u0131r. 2002 y\u0131l\u0131nda \u00d6zelle\u015ftirme \u0130daresinde \u00e7al\u0131\u015fmaya ba\u015flam\u0131\u015f, ayn\u0131 y\u0131l Enerji Piyasas\u0131 D\u00fczenleme Kurumu\u2019na ge\u00e7mi\u015ftir. 2004 y\u0131l\u0131n\u0131n A\u011fustos ay\u0131nda Kurum\u2019dan ayr\u0131lm\u0131\u015f, halen \u00f6zellikle enerji sekt\u00f6r\u00fcnde arabuluculuk, m\u00fc\u015favir ve avukatl\u0131k yapmaktad\u0131r. Enerji hukuku konusunda \u00e7ok say\u0131da makale ve ara\u015ft\u0131rma ve incelemeleri bulunmakta olup, ayr\u0131ca Ankara Barosunda ve Barolar Birli\u011finde enerji hukukuna ili\u015fkin olarak \u201c<em>\u0130leri E\u011fitim Program\u0131\u201d<\/em>\u00a0kapsam\u0131nda moderat\u00f6rl\u00fck yapm\u0131\u015f ve e\u011fitimler vermi\u015ftir.<\/p>\n<p>[\/vc_column_text][\/vc_column_inner][\/vc_row_inner][\/vc_tta_section][vc_tta_section title=&#8221;Genel Bilgilendirme&#8221; tab_id=&#8221;1682599999239-127d0aa0-7604&#8243;][vc_column_text]<\/p>\n<p style=\"text-align: justify;font-family:Exo;\">E\u011fitim Program\u0131n\u00a0g\u00fcncel\u00a0tarihleri belli oldu\u011funda sayfam\u0131zda duyurusu yap\u0131lacakt\u0131r.<\/p>\n<p style=\"text-align: justify;\">Bu e\u011fitime sekt\u00f6r hakk\u0131nda i\u015fleyi\u015fi anlayabilmek ve bu alanda bir alt yap\u0131ya sahip olmak isteyen herkes i\u00e7in uygundur.<\/p>\n<p style=\"text-align: justify;\">24 saatlik\u00a0e\u011fitim program\u0131n\u0131n detaylar\u0131 e\u011fitim i\u00e7eri\u011finde yer almaktad\u0131r.<br \/>\nOnline\/interaktif Zoom\u00a0platformu \u00fczerinden yap\u0131lacak olan e\u011fitim i\u00e7in kat\u0131l\u0131mc\u0131lara e\u011fitimden bir g\u00fcn \u00f6nce ba\u011flant\u0131 linki g\u00f6nderilecektir.<\/p>\n<p style=\"text-align: justify;\">Ayn\u0131 kurum i\u00e7erisinden toplu kat\u0131l\u0131mlarda \u00fccretlerde indirim uygulanmaktad\u0131r.<br \/>\nProgram bedeli, havale\/EFT ile veya kredi kart\u0131 ile \u00f6denebilmektedir.<br \/>\nOnline e\u011fitimlerde program bedeline PDF olarak e\u011fitim dok\u00fcmanlar\u0131 ve ger\u00e7ekle\u015ftirilen canl\u0131 e\u011fitime bir ayl\u0131k video olarak tekrar eri\u015fim dahildir<br \/>\nE\u011fitim sonunda kat\u0131l\u0131mc\u0131lara QR Kodlu Kat\u0131l\u0131m Sertifikas\u0131 adreslerine g\u00f6nderilecektir.<br \/>\nE\u011fitim \u00fccretini \u00f6\u011frenmek i\u00e7in l\u00fctfen bizlerle ileti\u015fime ge\u00e7iniz.<\/p>\n<p>[\/vc_column_text][\/vc_tta_section][\/vc_tta_tabs][\/vc_column][\/vc_row]<\/p>\n","protected":false},"excerpt":{"rendered":"<p>[vc_row][vc_column][vc_custom_heading text=&#8221;Enerji Hukuku E\u011fitim Program\u0131&#8221; google_fonts=&#8221;font_family:Alike%3Aregular|font_style:400%20regular%3A400%3Anormal&#8221; css_animation=&#8221;fadeInLeft&#8221;][\/vc_column][\/vc_row][vc_row][vc_column width=&#8221;4\/6&#8243;][vc_single_image image=&#8221;6611&#8243; img_size=&#8221;large&#8221; el_class=&#8221;weew&#8221;][\/vc_column][vc_column width=&#8221;2\/6&#8243; el_class=&#8221;qq&#8221;][vc_column_text css=&#8221;.vc_custom_1682604218163{margin-top: 15px !important;}&#8221;] E\u011fitim Tarihi : 27 Nisan 2023 13:00 &#8211; 16:00 [\/vc_column_text][vc_btn title=&#8221;KAYIT FORMU&#8221; style=&#8221;3d&#8221; color=&#8221;black&#8221; size=&#8221;lg&#8221; align=&#8221;center&#8221; i_icon_fontawesome=&#8221;fa fa-pen&#8221; button_block=&#8221;true&#8221; add_icon=&#8221;true&#8221; css=&#8221;.vc_custom_1682602760741{margin-top: 10px !important;}&#8221;][vc_separator color=&#8221;blue&#8221; style=&#8221;shadow&#8221; el_width=&#8221;80&#8243; css_animation=&#8221;fadeInLeft&#8221;][vc_column_text] \u260e \u00a00(312) 465 01 79 \u00a0 E-posta : mail.com [\/vc_column_text][\/vc_column][\/vc_row][vc_row][vc_column][vc_tta_tabs][vc_tta_section title=&#8221;A\u00e7\u0131klama&#8221; tab_id=&#8221;1682599955335-66071abb-8681&#8243;][vc_column_text] [&hellip;]<\/p>\n","protected":false},"author":1,"featured_media":0,"parent":0,"menu_order":0,"comment_status":"closed","ping_status":"closed","template":"","meta":{"footnotes":""},"class_list":["post-6265","page","type-page","status-publish","hentry"],"_links":{"self":[{"href":"https:\/\/cla.com.tr\/index.php\/wp-json\/wp\/v2\/pages\/6265","targetHints":{"allow":["GET"]}}],"collection":[{"href":"https:\/\/cla.com.tr\/index.php\/wp-json\/wp\/v2\/pages"}],"about":[{"href":"https:\/\/cla.com.tr\/index.php\/wp-json\/wp\/v2\/types\/page"}],"author":[{"embeddable":true,"href":"https:\/\/cla.com.tr\/index.php\/wp-json\/wp\/v2\/users\/1"}],"replies":[{"embeddable":true,"href":"https:\/\/cla.com.tr\/index.php\/wp-json\/wp\/v2\/comments?post=6265"}],"version-history":[{"count":20,"href":"https:\/\/cla.com.tr\/index.php\/wp-json\/wp\/v2\/pages\/6265\/revisions"}],"predecessor-version":[{"id":7179,"href":"https:\/\/cla.com.tr\/index.php\/wp-json\/wp\/v2\/pages\/6265\/revisions\/7179"}],"wp:attachment":[{"href":"https:\/\/cla.com.tr\/index.php\/wp-json\/wp\/v2\/media?parent=6265"}],"curies":[{"name":"wp","href":"https:\/\/api.w.org\/{rel}","templated":true}]}}