{"id":6766,"date":"2023-06-07T14:32:42","date_gmt":"2023-06-07T11:32:42","guid":{"rendered":"https:\/\/beta.cla.com.tr\/?page_id=6766"},"modified":"2023-08-07T16:05:18","modified_gmt":"2023-08-07T13:05:18","slug":"gunes-enerjisi-mevzuati","status":"publish","type":"page","link":"https:\/\/cla.com.tr\/index.php\/gunes-enerjisi-mevzuati\/","title":{"rendered":"G\u00dcNE\u015e ENERJ\u0130S\u0130 MEVZUATI HAKKINDA"},"content":{"rendered":"<p>[vc_row][vc_column][vc_custom_heading text=&#8221;G\u00dcNE\u015e ENERJ\u0130S\u0130 MEVZUATI HAKKINDA&#8221; google_fonts=&#8221;font_family:Vollkorn%3Aregular%2Citalic%2C700%2C700italic|font_style:700%20bold%20regular%3A700%3Anormal&#8221; css_animation=&#8221;fadeInLeft&#8221;][\/vc_column][\/vc_row][vc_row][vc_column width=&#8221;1\/2&#8243;][vc_single_image image=&#8221;6770&#8243; img_size=&#8221;large&#8221; el_class=&#8221;weew&#8221;][\/vc_column][vc_column width=&#8221;1\/2&#8243;][vc_column_text]<\/p>\n<p style=\"text-align: justify;\">G\u00fcne\u015f, yenilenebilir enerji s\u00f6z konusu oldu\u011funda en ba\u015fta gelen, di\u011fer yenilenebilir enerji t\u00fcrlerine g\u00f6re t\u00fcm d\u00fcnya genelinde yayg\u0131n olarak kullan\u0131lan temiz enerji kayna\u011f\u0131d\u0131r. D\u00fcnya konjonkt\u00fcr\u00fcne bak\u0131ld\u0131\u011f\u0131nda, iklim de\u011fi\u015fikli\u011fi krizi ba\u015fta olmak \u00fczere \u00e7e\u015fitli kaynak krizleri ve \u00e7evre kirlili\u011fi sebepleriyle \u00fclkeler aras\u0131 yenilenebilir enerjiye y\u00f6nelim giderek artmaktad\u0131r.<\/p>\n<p style=\"text-align: justify;\">G\u00fcne\u015f enerjisinden elektrik \u00fcretimi konusunu GES yat\u0131r\u0131mlar\u0131na g\u00f6re; sistem \u00e7al\u0131\u015fma esaslar\u0131, santrallerin planlama-tasar\u0131m ve kurulumu, \u00e7ok y\u00f6nl\u00fc mevzuatlar (lisansl\u0131 ve lisanss\u0131z \u00fcretim mevzuatlar\u0131, YEK mevzuat\u0131 vb.) gibi geni\u015f ba\u015fl\u0131klar \u00e7er\u00e7evesinde ele alan G\u00fcne\u015f Enerjisi E\u011fitim Program\u0131 solar sekt\u00f6r i\u00e7inde \u00e7al\u0131\u015fan herkes i\u00e7in tasarland\u0131.<\/p>\n<p>[\/vc_column_text][\/vc_column][\/vc_row]<\/p>\n","protected":false},"excerpt":{"rendered":"<p>[vc_row][vc_column][vc_custom_heading text=&#8221;G\u00dcNE\u015e ENERJ\u0130S\u0130 MEVZUATI HAKKINDA&#8221; google_fonts=&#8221;font_family:Vollkorn%3Aregular%2Citalic%2C700%2C700italic|font_style:700%20bold%20regular%3A700%3Anormal&#8221; css_animation=&#8221;fadeInLeft&#8221;][\/vc_column][\/vc_row][vc_row][vc_column width=&#8221;1\/2&#8243;][vc_single_image image=&#8221;6770&#8243; img_size=&#8221;large&#8221; el_class=&#8221;weew&#8221;][\/vc_column][vc_column width=&#8221;1\/2&#8243;][vc_column_text] G\u00fcne\u015f, yenilenebilir enerji s\u00f6z konusu oldu\u011funda en ba\u015fta gelen, di\u011fer yenilenebilir enerji t\u00fcrlerine g\u00f6re t\u00fcm d\u00fcnya genelinde yayg\u0131n olarak kullan\u0131lan temiz enerji kayna\u011f\u0131d\u0131r. D\u00fcnya konjonkt\u00fcr\u00fcne bak\u0131ld\u0131\u011f\u0131nda, iklim de\u011fi\u015fikli\u011fi krizi ba\u015fta olmak \u00fczere \u00e7e\u015fitli kaynak krizleri ve \u00e7evre kirlili\u011fi sebepleriyle \u00fclkeler aras\u0131 yenilenebilir enerjiye [&hellip;]<\/p>\n","protected":false},"author":1,"featured_media":0,"parent":0,"menu_order":0,"comment_status":"closed","ping_status":"closed","template":"","meta":{"footnotes":""},"class_list":["post-6766","page","type-page","status-publish","hentry"],"_links":{"self":[{"href":"https:\/\/cla.com.tr\/index.php\/wp-json\/wp\/v2\/pages\/6766","targetHints":{"allow":["GET"]}}],"collection":[{"href":"https:\/\/cla.com.tr\/index.php\/wp-json\/wp\/v2\/pages"}],"about":[{"href":"https:\/\/cla.com.tr\/index.php\/wp-json\/wp\/v2\/types\/page"}],"author":[{"embeddable":true,"href":"https:\/\/cla.com.tr\/index.php\/wp-json\/wp\/v2\/users\/1"}],"replies":[{"embeddable":true,"href":"https:\/\/cla.com.tr\/index.php\/wp-json\/wp\/v2\/comments?post=6766"}],"version-history":[{"count":10,"href":"https:\/\/cla.com.tr\/index.php\/wp-json\/wp\/v2\/pages\/6766\/revisions"}],"predecessor-version":[{"id":6986,"href":"https:\/\/cla.com.tr\/index.php\/wp-json\/wp\/v2\/pages\/6766\/revisions\/6986"}],"wp:attachment":[{"href":"https:\/\/cla.com.tr\/index.php\/wp-json\/wp\/v2\/media?parent=6766"}],"curies":[{"name":"wp","href":"https:\/\/api.w.org\/{rel}","templated":true}]}}